{"id":23,"date":"2025-02-23T11:57:54","date_gmt":"2025-02-23T11:57:54","guid":{"rendered":"https:\/\/www.veterka.cz\/wordpress\/services\/"},"modified":"2025-08-07T20:48:04","modified_gmt":"2025-08-07T20:48:04","slug":"services","status":"publish","type":"page","link":"https:\/\/www.veterka.cz\/wordpress\/services\/","title":{"rendered":"Nab\u00edzen\u00e9 slu\u017eby"},"content":{"rendered":"<div class=\"wp-block-group alignwide is-vertical is-layout-flex wp-container-core-group-is-layout-fe9cc265 wp-block-group-is-layout-flex\"><div class=\"wp-block-group has-global-padding is-layout-constrained wp-block-group-is-layout-constrained\"><h2 class=\"wp-block-heading has-large-font-size\">Ordina\u010dn\u00ed doba <\/h2>\n\n<p>Pond\u011bl\u00ed &#8211; P\u00e1tek 14:00-16:00 po p\u0159edchoz\u00ed domluv\u011b <a href=\"http:\/\/reenio.cz\/cs\/redirect\/reservationpage\/20883\" target=\"_blank\" rel=\"noreferrer noopener\">nov\u00e1 rezervace<\/a><\/p>\n\n<p>Pot\u0159ebovali byste p\u0159ij\u00edt mimo ordina\u010dn\u00ed dobu? Napi\u0161te mi na info@veterka.cz, Viber nebo volejte na 608 875 925 a domluv\u00edme se.<\/p><\/div><\/div><div class=\"wp-block-columns alignwide is-layout-flex wp-container-core-columns-is-layout-28f84493 wp-block-columns-is-layout-flex\"><div class=\"wp-block-column is-layout-flow wp-block-column-is-layout-flow\" style=\"flex-basis:80%\"><div class=\"wp-block-columns alignwide is-layout-flex wp-container-core-columns-is-layout-28f84493 wp-block-columns-is-layout-flex\"><div class=\"wp-block-column has-tertiary-background-color has-background is-layout-flow wp-block-column-is-layout-flow\" style=\"padding-top:1.5rem;padding-right:1.5rem;padding-bottom:1.5rem;padding-left:1.5rem\"><h3 class=\"wp-block-heading\" style=\"font-size:clamp(14px, 0.875rem + ((1vw - 3.2px) * 0.625), 20px);line-height:1.5\">Preventivn\u00ed p\u00e9\u010de<\/h3>\n\n<ul class=\"wp-block-list\"><li>vakcina\u010dn\u00ed programy ps\u016f, ko\u010dek, fretek a kr\u00e1l\u00edk\u016f<\/li>\n\n<li>antiparazit\u00e1rn\u00ed programy<\/li>\n\n<li>preventivn\u00ed klinick\u00e9 vy\u0161et\u0159en\u00ed (zdravotn\u00ed prohl\u00eddka)<\/li>\n\n<li>ozna\u010den\u00ed zv\u00ed\u0159ete mikro\u010dipem a vystaven\u00ed europasu nebo o\u010dkovac\u00edho pr\u016fkazu<\/li>\n\n<li>vy\u0161et\u0159en\u00ed ultrazvukem<\/li>\n\n<li>diagnostika b\u0159ezosti<\/li>\n\n<li>vy\u0161et\u0159en\u00ed zv\u00ed\u0159ete p\u0159ed cestou do zahrani\u010d\u00ed<\/li>\n\n<li>vy\u0161et\u0159en\u00ed zv\u00ed\u0159ete p\u0159ed v\u00fdstavou \u010di z\u00e1vody<\/li>\n\n<li>vy\u0161et\u0159en\u00ed zv\u00ed\u0159ete, kter\u00e9 poranilo \u010dlov\u011bka<\/li>\n\n<li>preventivn\u00ed a p\u0159edopera\u010dn\u00ed vy\u0161et\u0159en\u00ed krve<\/li>\n\n<li>vstupn\u00ed prohl\u00eddky ml\u00e1\u010fat<\/li>\n\n<li>preventivn\u00ed vy\u0161et\u0159en\u00ed geriatrick\u00fdch pacient\u016f<\/li>\n\n<li>odb\u011br vzork\u016f pro genetick\u00e9 vy\u0161et\u0159en\u00ed<\/li>\n\n<li>dal\u0161\u00ed<\/li><\/ul><\/div>\n\n<div class=\"wp-block-column has-tertiary-background-color has-background is-layout-flow wp-block-column-is-layout-flow\" style=\"padding-top:1.5rem;padding-right:1.5rem;padding-bottom:1.5rem;padding-left:1.5rem\"><h3 class=\"wp-block-heading\" style=\"font-size:clamp(14px, 0.875rem + ((1vw - 3.2px) * 0.625), 20px);line-height:1.5\">Stomatologie<\/h3>\n\n<ul class=\"wp-block-list\"><li>vy\u0161et\u0159en\u00ed dutiny \u00fastn\u00ed<\/li>\n\n<li>z\u00e1kroky veden\u00e9 v inhala\u010dn\u00ed anestezii<\/li>\n\n<li>odstran\u011bn\u00ed zubn\u00edho kamene ultrazvukem a le\u0161t\u011bn\u00ed zub\u016f<\/li>\n\n<li>\u0159e\u0161en\u00ed p\u00ed\u0161t\u011bl\u00ed spojen\u00fdch s abscesem u ko\u0159ene zubu<\/li>\n\n<li>trh\u00e1n\u00ed zub\u016f v\u010detn\u011b nevypadl\u00fdch ml\u00e9\u010dn\u00fdch zub\u016f<\/li>\n\n<li>odstran\u011bn\u00ed p\u0159erostl\u00fdch d\u00e1sn\u00ed<\/li>\n\n<li>\u0159e\u0161en\u00ed z\u00e1n\u011bt\u016f dutiny \u00fastn\u00ed u ko\u010dek<\/li>\n\n<li>zubn\u00ed RTG<\/li>\n\n<li>dal\u0161\u00ed<\/li><\/ul>\n\n<p class=\"has-small-font-size\" style=\"margin-top:8px\"><\/p>\n\n<p><\/p>\n\n<p><\/p>\n\n<p><\/p>\n\n<p><\/p>\n\n<p><\/p>\n\n<p><\/p><\/div><\/div>\n\n<div class=\"wp-block-columns alignwide is-layout-flex wp-container-core-columns-is-layout-28f84493 wp-block-columns-is-layout-flex\"><div class=\"wp-block-column is-layout-flow wp-block-column-is-layout-flow\"><\/div>\n\n<div class=\"wp-block-column is-layout-flow wp-block-column-is-layout-flow\"><\/div><\/div><\/div>\n\n<div class=\"wp-block-column is-layout-flow wp-block-column-is-layout-flow\" style=\"flex-basis:50%\"><\/div><\/div>","protected":false},"excerpt":{"rendered":"<p>Ordina\u010dn\u00ed doba Pond\u011bl\u00ed &#8211; P\u00e1tek 14:00-16:00 po p\u0159edchoz\u00ed domluv\u011b nov\u00e1 rezervace Pot\u0159ebovali byste p\u0159ij\u00edt mimo ordina\u010dn\u00ed dobu? Napi\u0161te mi na info@veterka.cz, Viber nebo volejte na 608 875 925 a domluv\u00edme se. Preventivn\u00ed p\u00e9\u010de Stomatologie<\/p>\n","protected":false},"author":1,"featured_media":0,"parent":0,"menu_order":0,"comment_status":"closed","ping_status":"closed","template":"no-title","meta":{"footnotes":""},"class_list":["post-23","page","type-page","status-publish","hentry"],"aioseo_notices":[],"_links":{"self":[{"href":"https:\/\/www.veterka.cz\/wordpress\/wp-json\/wp\/v2\/pages\/23","targetHints":{"allow":["GET"]}}],"collection":[{"href":"https:\/\/www.veterka.cz\/wordpress\/wp-json\/wp\/v2\/pages"}],"about":[{"href":"https:\/\/www.veterka.cz\/wordpress\/wp-json\/wp\/v2\/types\/page"}],"author":[{"embeddable":true,"href":"https:\/\/www.veterka.cz\/wordpress\/wp-json\/wp\/v2\/users\/1"}],"replies":[{"embeddable":true,"href":"https:\/\/www.veterka.cz\/wordpress\/wp-json\/wp\/v2\/comments?post=23"}],"version-history":[{"count":8,"href":"https:\/\/www.veterka.cz\/wordpress\/wp-json\/wp\/v2\/pages\/23\/revisions"}],"predecessor-version":[{"id":230,"href":"https:\/\/www.veterka.cz\/wordpress\/wp-json\/wp\/v2\/pages\/23\/revisions\/230"}],"wp:attachment":[{"href":"https:\/\/www.veterka.cz\/wordpress\/wp-json\/wp\/v2\/media?parent=23"}],"curies":[{"name":"wp","href":"https:\/\/api.w.org\/{rel}","templated":true}]}}